{"id":1924,"date":"2022-09-15T12:01:22","date_gmt":"2022-09-15T10:01:22","guid":{"rendered":"https:\/\/team-scar.com\/?page_id=1924"},"modified":"2022-10-05T15:09:27","modified_gmt":"2022-10-05T13:09:27","slug":"voiture-occasion","status":"publish","type":"page","link":"https:\/\/team-scar.com\/voiture-occasion\/","title":{"rendered":"Achat voiture"},"content":{"rendered":"\t\t<div data-elementor-type=\"wp-page\" data-elementor-id=\"1924\" class=\"elementor elementor-1924\" data-elementor-settings=\"[]\">\n\t\t\t\t\t\t<div class=\"elementor-inner\">\n\t\t\t\t\t\t\t<div class=\"elementor-section-wrap\">\n\t\t\t\t\t\t\t<section class=\"elementor-section elementor-top-section elementor-element elementor-element-41f704a9 elementor-section-height-min-height elementor-section-stretched elementor-section-boxed elementor-section-height-default elementor-section-items-middle\" data-id=\"41f704a9\" data-element_type=\"section\" data-settings=\"{&quot;stretch_section&quot;:&quot;section-stretched&quot;,&quot;background_background&quot;:&quot;classic&quot;}\">\n\t\t\t\t\t\t\t<div class=\"elementor-background-overlay\"><\/div>\n\t\t\t\t\t\t\t<div class=\"elementor-container elementor-column-gap-default\">\n\t\t\t\t\t\t\t<div class=\"elementor-row\">\n\t\t\t\t\t<div class=\"elementor-column elementor-col-100 elementor-top-column elementor-element elementor-element-46338d4f\" data-id=\"46338d4f\" data-element_type=\"column\">\n\t\t\t<div class=\"elementor-column-wrap elementor-element-populated\">\n\t\t\t\t\t\t\t<div class=\"elementor-widget-wrap\">\n\t\t\t\t\t\t\t\t<\/div>\n\t\t\t\t\t<\/div>\n\t\t<\/div>\n\t\t\t\t\t\t\t\t<\/div>\n\t\t\t\t\t<\/div>\n\t\t<\/section>\n\t\t\t\t<section class=\"elementor-section elementor-top-section elementor-element elementor-element-6080a0d1 elementor-reverse-mobile elementor-section-stretched elementor-section-boxed elementor-section-height-default elementor-section-height-default\" data-id=\"6080a0d1\" data-element_type=\"section\" data-settings=\"{&quot;stretch_section&quot;:&quot;section-stretched&quot;,&quot;background_background&quot;:&quot;classic&quot;}\">\n\t\t\t\t\t\t<div class=\"elementor-container elementor-column-gap-default\">\n\t\t\t\t\t\t\t<div class=\"elementor-row\">\n\t\t\t\t\t<div class=\"elementor-column elementor-col-100 elementor-top-column elementor-element elementor-element-2adbaf9e\" data-id=\"2adbaf9e\" data-element_type=\"column\" data-settings=\"{&quot;background_background&quot;:&quot;classic&quot;}\">\n\t\t\t<div class=\"elementor-column-wrap elementor-element-populated\">\n\t\t\t\t\t\t\t<div class=\"elementor-widget-wrap\">\n\t\t\t\t\t\t<div class=\"elementor-element elementor-element-69c007f5 animated-slow elementor-invisible elementor-widget elementor-widget-heading\" data-id=\"69c007f5\" data-element_type=\"widget\" data-settings=\"{&quot;_animation&quot;:&quot;zoomIn&quot;}\" data-widget_type=\"heading.default\">\n\t\t\t\t<div class=\"elementor-widget-container\">\n\t\t\t<h1 class=\"elementor-heading-title elementor-size-default\">D\u00e9couvrez nos v\u00e9hicules d\u2019occasion \u00e0 vendre dans votre garage automobile \u00e0 Jemeppe-sur-Sambre<\/h1>\t\t<\/div>\n\t\t\t\t<\/div>\n\t\t\t\t<div class=\"elementor-element elementor-element-46f5e7e5 elementor-widget-divider--view-line elementor-widget elementor-widget-divider\" data-id=\"46f5e7e5\" data-element_type=\"widget\" data-widget_type=\"divider.default\">\n\t\t\t\t<div class=\"elementor-widget-container\">\n\t\t\t\t\t<div class=\"elementor-divider\">\n\t\t\t<span class=\"elementor-divider-separator\">\n\t\t\t\t\t\t<\/span>\n\t\t<\/div>\n\t\t\t\t<\/div>\n\t\t\t\t<\/div>\n\t\t\t\t<div class=\"elementor-element elementor-element-5e82aaca elementor-widget elementor-widget-text-editor\" data-id=\"5e82aaca\" data-element_type=\"widget\" data-widget_type=\"text-editor.default\">\n\t\t\t\t<div class=\"elementor-widget-container\">\n\t\t\t\t\t\t\t\t<div class=\"elementor-text-editor elementor-clearfix\">\n\t\t\t\t<p><span style=\"font-weight: 400;\">\u00a0<strong><span style=\"color: #ffffff;\"><a href=\"https:\/\/team-scar.com\" style=\"color: #ffffff;\">Garage automobile pr\u00e8s de <span>Sambreville<\/span><\/a><\/span><\/strong><\/span><span style=\"font-weight: 400;\">, Team S-CAR propose un large choix de voitures d\u2019occasion qui vous correspond \u00e0 Jemeppe-sur-Sambre, tout en garantissant une s\u00e9curit\u00e9 et une tenue de route id\u00e9ale.<\/span><\/p>\t\t\t\t\t<\/div>\n\t\t\t\t\t\t<\/div>\n\t\t\t\t<\/div>\n\t\t\t\t\t\t<\/div>\n\t\t\t\t\t<\/div>\n\t\t<\/div>\n\t\t\t\t\t\t\t\t<\/div>\n\t\t\t\t\t<\/div>\n\t\t<\/section>\n\t\t\t\t<section class=\"elementor-section elementor-top-section elementor-element elementor-element-4a4cf1a5 elementor-section-stretched elementor-section-boxed elementor-section-height-default elementor-section-height-default\" data-id=\"4a4cf1a5\" data-element_type=\"section\" data-settings=\"{&quot;stretch_section&quot;:&quot;section-stretched&quot;,&quot;background_background&quot;:&quot;classic&quot;,&quot;shape_divider_bottom&quot;:&quot;triangle&quot;}\">\n\t\t\t\t\t<div class=\"elementor-shape elementor-shape-bottom\" data-negative=\"false\">\n\t\t\t<svg xmlns=\"http:\/\/www.w3.org\/2000\/svg\" viewBox=\"0 0 1000 100\" preserveAspectRatio=\"none\">\n\t<path class=\"elementor-shape-fill\" d=\"M500,98.9L0,6.1V0h1000v6.1L500,98.9z\"\/>\n<\/svg>\t\t<\/div>\n\t\t\t\t\t<div class=\"elementor-container elementor-column-gap-default\">\n\t\t\t\t\t\t\t<div class=\"elementor-row\">\n\t\t\t\t\t<div class=\"elementor-column elementor-col-50 elementor-top-column elementor-element elementor-element-39214f36\" data-id=\"39214f36\" data-element_type=\"column\">\n\t\t\t<div class=\"elementor-column-wrap elementor-element-populated\">\n\t\t\t\t\t\t\t<div class=\"elementor-widget-wrap\">\n\t\t\t\t\t\t<div class=\"elementor-element elementor-element-4e650548 elementor-widget elementor-widget-image\" data-id=\"4e650548\" data-element_type=\"widget\" data-widget_type=\"image.default\">\n\t\t\t\t<div class=\"elementor-widget-container\">\n\t\t\t\t\t\t\t\t<div class=\"elementor-image\">\n\t\t\t\t\t\t\t\t\t\t\t\t<img width=\"750\" height=\"531\" src=\"https:\/\/team-scar.com\/wp-content\/uploads\/2022\/09\/shutterstock_235820056-1024x725.jpg\" class=\"attachment-large size-large\" alt=\"\" srcset=\"https:\/\/team-scar.com\/wp-content\/uploads\/2022\/09\/shutterstock_235820056-1024x725.jpg 1024w, https:\/\/team-scar.com\/wp-content\/uploads\/2022\/09\/shutterstock_235820056-scaled-600x425.jpg 600w, https:\/\/team-scar.com\/wp-content\/uploads\/2022\/09\/shutterstock_235820056-300x212.jpg 300w, https:\/\/team-scar.com\/wp-content\/uploads\/2022\/09\/shutterstock_235820056-768x544.jpg 768w, https:\/\/team-scar.com\/wp-content\/uploads\/2022\/09\/shutterstock_235820056-1536x1087.jpg 1536w, https:\/\/team-scar.com\/wp-content\/uploads\/2022\/09\/shutterstock_235820056-2048x1450.jpg 2048w, https:\/\/team-scar.com\/wp-content\/uploads\/2022\/09\/shutterstock_235820056-1320x934.jpg 1320w\" sizes=\"(max-width: 750px) 100vw, 750px\" \/>\t\t\t\t\t\t\t\t\t\t\t\t\t\t<\/div>\n\t\t\t\t\t\t<\/div>\n\t\t\t\t<\/div>\n\t\t\t\t\t\t<\/div>\n\t\t\t\t\t<\/div>\n\t\t<\/div>\n\t\t\t\t<div class=\"elementor-column elementor-col-50 elementor-top-column elementor-element elementor-element-2dd83450\" data-id=\"2dd83450\" data-element_type=\"column\">\n\t\t\t<div class=\"elementor-column-wrap elementor-element-populated\">\n\t\t\t\t\t\t\t<div class=\"elementor-widget-wrap\">\n\t\t\t\t\t\t<div class=\"elementor-element elementor-element-c28afa4 elementor-widget elementor-widget-heading\" data-id=\"c28afa4\" data-element_type=\"widget\" data-widget_type=\"heading.default\">\n\t\t\t\t<div class=\"elementor-widget-container\">\n\t\t\t<h2 class=\"elementor-heading-title elementor-size-default\">Faites confiance \u00e0 Team S-CAR pour votre prochain achat d\u2019une voiture<\/h2>\t\t<\/div>\n\t\t\t\t<\/div>\n\t\t\t\t<div class=\"elementor-element elementor-element-6f06ebb6 elementor-widget elementor-widget-text-editor\" data-id=\"6f06ebb6\" data-element_type=\"widget\" data-widget_type=\"text-editor.default\">\n\t\t\t\t<div class=\"elementor-widget-container\">\n\t\t\t\t\t\t\t\t<div class=\"elementor-text-editor elementor-clearfix\">\n\t\t\t\t<p><span style=\"font-weight: 400;\">Vous cherchez un v\u00e9hicule d\u2019occasion ? <\/span><span style=\"font-weight: 400;\">Vous \u00eates \u00e0 la recherche d\u2019un v\u00e9hicule \u00e0 un prix abordable ? Votre garage <\/span><span style=\"font-weight: 400;\">pr\u00e8s de <span>Sambreville<\/span>,<\/span><span style=\"font-weight: 400;\"> Team S-CAR propose des voitures d\u2019occasion non loin de <span>Sambreville<\/span>. C\u2019est le lieu id\u00e9al pour acheter votre futur v\u00e9hicule d\u2019occasion.\u00a0<\/span><\/p><p><span style=\"font-weight: 400;\">Toujours \u00e0 l&#8217;\u00e9coute de vos besoins, Team S-CAR vous propose des v\u00e9hicules d\u2019occasion \u00e0 Jemeppe-sur-Sambre. En effet, votre prestataire de confiance met tout en \u0153uvre pour que votre exp\u00e9rience d\u2019achat <\/span><span style=\"font-weight: 400;\">soit parfaite.<\/span><\/p><p><span style=\"font-weight: 400;\">Afin de vous permettre de trouver la voiture qui vous correspond, votre garage auto d\u2019occasion pr\u00e8s de Ch\u00e2telet, <\/span><span style=\"font-weight: 400;\">le garage<\/span><span style=\"font-weight: 400;\"> Team S-CAR vous propose une large s\u00e9lection de voitures d\u2019occasion allant des v\u00e9hicules \u00e9conomiques aux v\u00e9hicules haut de gamme, qui poss\u00e8dent une multitude d&#8217;avantages et d\u2019options, \u00e0 des prix attractifs<\/span><\/p><p><span style=\"font-weight: 400;\">Alliant qualit\u00e9 de service, fiabilit\u00e9 et conseils<\/span><span style=\"font-weight: 400;\"> sur mesure<\/span><span style=\"font-weight: 400;\">, votre garage vous propose des voitures d\u2019occasion pr\u00e8s de Namur, <\/span><span style=\"font-weight: 400;\">nous <\/span><span style=\"font-weight: 400;\">restons \u00e0 votre service afin de vous guider vers le choix qui conviendra le mieux \u00e0 vos besoins ainsi qu\u2019\u00e0 votre budget.<\/span><\/p><p><span style=\"font-weight: 400;\">Trouvez la voiture id\u00e9ale qui vous correspond gr\u00e2ce au service d\u2019achat de voitures d\u2019occasion \u00e0 Jemeppe-sur-Sambre. Les garagistes qualifi\u00e9s du garage Team S-CAR vous garantissent un accompagnement dans toutes les d\u00e9marches de la proc\u00e9dure, du d\u00e9but jusqu\u2019\u00e0 la fin, pour vous permettre d\u2019acheter le meilleur v\u00e9hicule, qui vous correspond.<\/span><\/p>\t\t\t\t\t<\/div>\n\t\t\t\t\t\t<\/div>\n\t\t\t\t<\/div>\n\t\t\t\t\t\t<\/div>\n\t\t\t\t\t<\/div>\n\t\t<\/div>\n\t\t\t\t\t\t\t\t<\/div>\n\t\t\t\t\t<\/div>\n\t\t<\/section>\n\t\t\t\t<section class=\"elementor-section elementor-top-section elementor-element elementor-element-ec9128 elementor-section-stretched elementor-section-boxed elementor-section-height-default elementor-section-height-default\" data-id=\"ec9128\" data-element_type=\"section\" data-settings=\"{&quot;stretch_section&quot;:&quot;section-stretched&quot;}\">\n\t\t\t\t\t\t<div class=\"elementor-container elementor-column-gap-default\">\n\t\t\t\t\t\t\t<div class=\"elementor-row\">\n\t\t\t\t\t<div class=\"elementor-column elementor-col-100 elementor-top-column elementor-element elementor-element-3392c9bf\" data-id=\"3392c9bf\" data-element_type=\"column\">\n\t\t\t<div class=\"elementor-column-wrap elementor-element-populated\">\n\t\t\t\t\t\t\t<div class=\"elementor-widget-wrap\">\n\t\t\t\t\t\t<div class=\"elementor-element elementor-element-59feca7b elementor-widget-divider--view-line elementor-widget elementor-widget-divider\" data-id=\"59feca7b\" data-element_type=\"widget\" data-widget_type=\"divider.default\">\n\t\t\t\t<div class=\"elementor-widget-container\">\n\t\t\t\t\t<div class=\"elementor-divider\">\n\t\t\t<span class=\"elementor-divider-separator\">\n\t\t\t\t\t\t<\/span>\n\t\t<\/div>\n\t\t\t\t<\/div>\n\t\t\t\t<\/div>\n\t\t\t\t<div class=\"elementor-element elementor-element-26a191e3 elementor-widget elementor-widget-text-editor\" data-id=\"26a191e3\" data-element_type=\"widget\" data-widget_type=\"text-editor.default\">\n\t\t\t\t<div class=\"elementor-widget-container\">\n\t\t\t\t\t\t\t\t<div class=\"elementor-text-editor elementor-clearfix\">\n\t\t\t\t<span style=\"font-weight: 400;\">Pour des renseignements compl\u00e9mentaires pour acheter l\u2019un des v\u00e9hicules propos\u00e9s par votre garage automobile, n\u2019h\u00e9sitez pas \u00e0 contacter Team S-CAR en appelant le <strong><a href=\"tel:003271740107\">+32 71 74 01 07<\/a><\/strong>.<\/span>\t\t\t\t\t<\/div>\n\t\t\t\t\t\t<\/div>\n\t\t\t\t<\/div>\n\t\t\t\t\t\t<\/div>\n\t\t\t\t\t<\/div>\n\t\t<\/div>\n\t\t\t\t\t\t\t\t<\/div>\n\t\t\t\t\t<\/div>\n\t\t<\/section>\n\t\t\t\t\t\t<\/div>\n\t\t\t\t\t\t<\/div>\n\t\t\t\t\t<\/div>\n\t\t","protected":false},"excerpt":{"rendered":"<p>D\u00e9couvrez nos v\u00e9hicules d\u2019occasion \u00e0 vendre dans votre garage automobile \u00e0 Jemeppe-sur-Sambre \u00a0Garage automobile pr\u00e8s de Sambreville, Team S-CAR propose un large choix de voitures d\u2019occasion qui vous correspond \u00e0 Jemeppe-sur-Sambre, tout en garantissant une s\u00e9curit\u00e9 et une tenue de route id\u00e9ale. Faites confiance \u00e0 Team S-CAR pour votre prochain [&hellip;]<\/p>\n","protected":false},"author":32,"featured_media":0,"parent":0,"menu_order":0,"comment_status":"closed","ping_status":"closed","template":"templates\/builder-fullwidth-std.php","meta":[],"acf":[],"aioseo_notices":[],"_links":{"self":[{"href":"https:\/\/team-scar.com\/nov-apijson\/wp\/v2\/pages\/1924"}],"collection":[{"href":"https:\/\/team-scar.com\/nov-apijson\/wp\/v2\/pages"}],"about":[{"href":"https:\/\/team-scar.com\/nov-apijson\/wp\/v2\/types\/page"}],"author":[{"embeddable":true,"href":"https:\/\/team-scar.com\/nov-apijson\/wp\/v2\/users\/32"}],"replies":[{"embeddable":true,"href":"https:\/\/team-scar.com\/nov-apijson\/wp\/v2\/comments?post=1924"}],"version-history":[{"count":20,"href":"https:\/\/team-scar.com\/nov-apijson\/wp\/v2\/pages\/1924\/revisions"}],"predecessor-version":[{"id":2291,"href":"https:\/\/team-scar.com\/nov-apijson\/wp\/v2\/pages\/1924\/revisions\/2291"}],"wp:attachment":[{"href":"https:\/\/team-scar.com\/nov-apijson\/wp\/v2\/media?parent=1924"}],"curies":[{"name":"wp","href":"https:\/\/api.w.org\/{rel}","templated":true}]}}